{"id":496,"date":"2019-07-28T08:53:23","date_gmt":"2019-07-28T08:53:23","guid":{"rendered":"http:\/\/www.backhausteam.de\/wordpress\/?page_id=496"},"modified":"2019-07-28T08:53:23","modified_gmt":"2019-07-28T08:53:23","slug":"vereinsgeschichte","status":"publish","type":"page","link":"http:\/\/www.backhausteam.de\/wordpress\/?page_id=496","title":{"rendered":"Vereinsgeschichte"},"content":{"rendered":"\n<h2 class=\"wp-block-heading\"><br><\/h2>\n\n\n\n<p><br><\/p>\n\n\n\n<p>Wenn wir heute auf die inzwischen fast 10-j\u00e4hrige Geschichte unseres Vereins zur\u00fcckblicken, dann denken wir nat\u00fcrlich zuerst an das Backhausplatzfest, das unser Verein allj\u00e4hrlich im August auf dem Backhausplatz in Klein-Altenst\u00e4dten ausrichtet. Dieses Fest war es denn auch, das zur Entstehung unseres Vereins f\u00fchrte. Denn aus finanziellen wie auch Haftungsgr\u00fcnden war die Gr\u00fcndung eines Vereins zur Durchf\u00fchrung des zun\u00e4chst seit 1991 von Anliegern und Jugendlichen des Backhausplatzes ausgerichteten Festes angesagt.<\/p>\n\n\n\n<p>Das Gr\u00fcndungsprotokoll vom 29. April 1998 weist dann auch 25 Teilnehmer aus, die an diesem Tag den Entschluss bekr\u00e4ftigen, den Verein Backhausteam Klein-Altenst\u00e4dten e. V. zu gr\u00fcnden und die Rechtsf\u00e4higkeit durch Eintragung im Vereinsregister anzustreben. Gleichzeitig wird die Gr\u00fcndungssatzung einstimmig verabschiedet und der Vorstand gew\u00e4hlt. Heinz-Gerhard G\u00f6tz soll in Zukunft als 1. Vorsitzender zusammen mit dem 2. Vorsitzenden G\u00fcnter Bourcade und den \u00fcbrigen zwei Vorstandsmitgliedern Manfred Frank (Kassierer), Birgit Roth (Schriftf\u00fchrerin), und den Beisitzern Carsten Roth (Jugendvertreter), Heinz Minke und Adelheid Schepper den Verein ma\u00dfgeblich leiten.<\/p>\n\n\n\n<p>Nach dem Willen der Gr\u00fcndungsmitglieder soll der Verein in das Vereinsregister eingetragen werden und als gemeinn\u00fctzig gelten. Per Satzung erkl\u00e4rter Zweck des Vereins ist die F\u00f6rderung von Wissenschaft und Forschung, Bildung und Erziehung, Kunst und Kultur, des Umwelt-, Landschafts- und Denkmalschutzes, der Jugend- und Altenhilfe, des \u00f6ffentlichen Gesundheitswesens, des Sports und die Unterst\u00fctzung hilfsbed\u00fcrftiger Personen. Die Gemeinn\u00fctzigkeit wurde unserem Verein seitens des Finanzamtes Wetzlar nicht zugestanden, weil der Verein sich \u00fcberwiegend durch das Backhausfest finanziert um seinen Satzungszweck zu erf\u00fcllen. Bei der Mitgliederversammlung im Jahre 1999 wurde seitens der Mitglieder auf das erlangen der Gemeinn\u00fctzigkeit verzichtet, aber der urspr\u00fcngliche Satzungszweck und Ziele des Vereines sollten erhalten bleiben.<\/p>\n\n\n\n<p>Um diese Ziele zu erreichen, sollen finanzielle Mittel mit der Durchf\u00fchrung von Festveranstaltungen in und um A\u00dflar erwirtschaftet werden. Das Wichtigste Event ist dabei das oben erw\u00e4hnte Backhausplatzfest, das sich jedes Jahr am vorletzten Augustwochenende von Freitag bis Sonntag zahlreicher Besucher erfreut. Glanzvoller H\u00f6hepunkt sind immer wieder die \u00fcber die Grenzen der heimischen Region hinaus bekannt gewordenen Tanzvorf\u00fchrungen unseres Damen- und Herrenballetts. S\u00e4mtliche T\u00e4nzerinnen und T\u00e4nzer kommen ausnahmslos aus den eigenen Reihen unseres Vereins und haben bis heute keine M\u00fchen gescheut, um ihr zahlreiches Publikum mit ausgefallenen Gags in pfiffigen Kost\u00fcmen zu \u00fcberraschen. Unsere Tanzgruppe nennt sich Die Gassehipper, ihre Gr\u00fcndung geht auf den 22. August 2003 zur\u00fcck.<\/p>\n\n\n\n<p>Unsere Mitgliederzahl ist seit Gr\u00fcndung auf 110 Mitglieder angestiegen, weitere Zug\u00e4nge w\u00fcrden wir gerne begr\u00fc\u00dfen.<\/p>\n\n\n\n<p>Daneben richtet unser Verein seit 2004 das allj\u00e4hrlich am 1. Mai stattfindende Zwitscherfest aus. Im 25. Jahr hat der Bund f\u00fcr Natur- und Vogelschutz, Ortsgruppe A\u00dflar, die Ausrichtung dieses weit bekannten, beliebten und stets gut besuchten Festes an unseren Verein \u00fcbertragen. F\u00fcr das damit bewiesene Vertrauen in unseren Verein bedanken wir uns an dieser Stelle \u00fcbrigens nochmals ganz herzlich.<\/p>\n\n\n\n<p>Nat\u00fcrlich ist unser Verein auch immer mit einem eigenen Stand dabei, wenn die Stadt A\u00dflar im zweij\u00e4hrigen Turnus ihr Stadtfest rund um das Rathaus ausrichtet.<\/p>\n\n\n\n<p>Wechsel im Vorstand haben seit der Gr\u00fcndung nur ganz selten stattgefunden. Aufgrund ihrer Krankheit musste Birgit G\u00f6tz in 2004 ihre Position der Schriftf\u00fchrerin aufgeben. Annegret Bourcarde hat daraufhin zun\u00e4chst kommissarisch bis zur n\u00e4chsten Vorstandswahl dieses Amt \u00fcbernommen, wurde von der Mitgliederversammlung best\u00e4tigt und hat es bis heute inne.<\/p>\n\n\n\n<p>Einen schweren Schicksalsschlag erlitt unser Verein im am 13 Januar 2006 mitten in den Vorbereitungen f\u00fcr das 2. Christbaumfeuer, das wir zusammen mit unseren G\u00e4sten auf dem Festplatz im Grund feiern wollten. Unser 2. Vorsitzender G\u00fcnter Bourcarde verstarb an diesem Tag pl\u00f6tzlich und unerwartet und hinterlie\u00df in unserem Verein eine gro\u00dfe L\u00fccke. J\u00f6rg Holzh\u00e4user \u00fcbernahm daraufhin zun\u00e4chst kommissarisch das Amt des 2. Vorsitzenden bis zur n\u00e4chsten Vorstandswahl, an der er von den Mitgliedern best\u00e4tigt wurde und das Amt bis heute ausf\u00fchrt. An dieser Stelle bedanken wir uns noch einmal bei der Burschenschaft \u201e Die Kietzeleu \u201e f\u00fcr Ihren selbstlosen Einsatz am 14. und 15. Januar 2006. Die Kietzeleu \u00fcbernahmen den Aufbau, Durchf\u00fchrung und Abbau des 2. Christbaumfeuers, da es den meisten unserer Mitglieder nicht m\u00f6glich war Ihren Dienst durch diesen traurigen Schicksalsschlag auszuf\u00fchren. Das 2. Christbaumfeuer wurde auf ausdr\u00fccklichen Wunsch der trauernden Familie Bourcarde durchgef\u00fchrt.<\/p>\n\n\n\n<p>Satzungsgem\u00e4\u00df haben wir seit der Gr\u00fcndung in jedem Jahr nicht unerhebliche Geldzuwendungen gespendet. Spenden unseres Vereins gingen in<\/p>\n\n\n\n<ul class=\"wp-block-list\"><li>1998 an den F\u00f6rderverein Mukoviszidose in Gie\u00dfen<\/li><li>1999 an die Kinderklinik Gie\u00dfen<\/li><li>2000 an die Kindertagesst\u00e4tte der Lebenshilfe Wetzlar-Weilburg<\/li><li>2001 an die Multiple Sklerose Selbsthilfegruppe Wetzlar und Umgebung<\/li><li>2002 an den F\u00f6rderverein der A\u00dflarer Grundschule<\/li><li>2003 an das Bistro der Alexander-von-Humboldt-Schule in A\u00dflar<\/li><li>2004 an die Neurologische Klinik in Braunfels<\/li><li>2006 an die A\u00dflarer B\u00fcrgerstiftung. Hier ist das Backhausteam \u00fcbrigens Gr\u00fcndungsmitglied.<\/li><li>2007 an die A\u00dflarer B\u00fcrgerstiftung<\/li><\/ul>\n\n\n\n<p>Dar\u00fcber hinaus leiten wir seit 2004 in jedem Jahr die H\u00e4lfte des Erl\u00f6ses aus dem Zwitscherfest nach dem Beschluss unserer Mitgliederversammlung an den Bund f\u00fcr Natur- und Vogelschutz in A\u00dflar. Bis einschlie\u00dflich 2007 hat unser Verein seit seiner Gr\u00fcndung Spenden in einer Gesamth\u00f6he von<\/p>\n\n\n\n<p><strong>\u00fcber 22.000,00 Euro<\/strong><\/p>\n\n\n\n<p>geleistet. Nat\u00fcrlich gehen auch unsere Mitglieder nicht leer aus. Gemeinsam haben wir viele sch\u00f6ne Stunden auf unseren Vereinsfahrten verbracht, die uns nach Amorbach in die Edelobstbrennerei Bauer, D\u00fcsseldorf Brauerei Frankenheimer, einer Rheintour nach Worms, eine Kutschfahrt durch den Odenwald nach Heisterbach und in das M\u00fchlenmuseum nach M\u00fcnster f\u00fchrten.<\/p>\n\n\n\n<p>Inzwischen verf\u00fcgt unser Verein \u00fcber eine ansehnliche Ausstattung zur Ausrichtung von seinen Festen, die wir auch gerne mal ausleihen \u2013 gegen Geb\u00fchr versteht sich. Wir verf\u00fcgen \u00fcber ein Festzelt f\u00fcr ca. 300 Personen, eine Gulaschkanone aus Best\u00e4nden der nationalen Volksarmee, die \u00fcbrigens rege von unseren Nachbarvereinen angemietet wird. Daneben haben wir eine Holzbude, im Jahre 2008 einen kompletten Imbisswagen, drei Pavillons, Bestuhlung f\u00fcr ca. 30 Personen, eine Beschallungsanlage sowie eine Beleuchtungsanlage.<\/p>\n\n\n\n<p>Seit seiner Gr\u00fcndung vor fast 10 Jahren ist unser Verein zu einer angesehenen Institution gewachsen, die heute immerhin 110 Mitglieder z\u00e4hlt. Dienst\u00e4ltestes aktives Mitglied ist Anna Konczak und \u00e4ltestes Mitglied ist Werner Hanikel, unser j\u00fcngstes Mitglied mit heute 15 Monaten ist Samantha G\u00f6tz.<\/p>\n\n\n\n<p><br><\/p>\n\n\n\n<p><br><\/p>\n\n\n\n<p><\/p>\n","protected":false},"excerpt":{"rendered":"<p>Wenn wir heute auf die inzwischen fast 10-j\u00e4hrige Geschichte unseres Vereins zur\u00fcckblicken, dann denken wir nat\u00fcrlich zuerst an das Backhausplatzfest, das unser Verein allj\u00e4hrlich im August auf dem Backhausplatz in Klein-Altenst\u00e4dten ausrichtet. Dieses Fest war es denn auch, das zur Entstehung unseres Vereins f\u00fchrte. Denn aus finanziellen wie auch Haftungsgr\u00fcnden war die Gr\u00fcndung eines Vereins&#8230;<\/p>\n","protected":false},"author":3,"featured_media":0,"parent":0,"menu_order":0,"comment_status":"closed","ping_status":"closed","template":"","meta":{"_mc_calendar":[],"footnotes":"","_links_to":"","_links_to_target":""},"class_list":["post-496","page","type-page","status-publish","hentry"],"_links":{"self":[{"href":"http:\/\/www.backhausteam.de\/wordpress\/index.php?rest_route=\/wp\/v2\/pages\/496","targetHints":{"allow":["GET"]}}],"collection":[{"href":"http:\/\/www.backhausteam.de\/wordpress\/index.php?rest_route=\/wp\/v2\/pages"}],"about":[{"href":"http:\/\/www.backhausteam.de\/wordpress\/index.php?rest_route=\/wp\/v2\/types\/page"}],"author":[{"embeddable":true,"href":"http:\/\/www.backhausteam.de\/wordpress\/index.php?rest_route=\/wp\/v2\/users\/3"}],"replies":[{"embeddable":true,"href":"http:\/\/www.backhausteam.de\/wordpress\/index.php?rest_route=%2Fwp%2Fv2%2Fcomments&post=496"}],"version-history":[{"count":1,"href":"http:\/\/www.backhausteam.de\/wordpress\/index.php?rest_route=\/wp\/v2\/pages\/496\/revisions"}],"predecessor-version":[{"id":497,"href":"http:\/\/www.backhausteam.de\/wordpress\/index.php?rest_route=\/wp\/v2\/pages\/496\/revisions\/497"}],"wp:attachment":[{"href":"http:\/\/www.backhausteam.de\/wordpress\/index.php?rest_route=%2Fwp%2Fv2%2Fmedia&parent=496"}],"curies":[{"name":"wp","href":"https:\/\/api.w.org\/{rel}","templated":true}]}}